{"id":351,"date":"2020-03-12T19:34:44","date_gmt":"2020-03-12T19:34:44","guid":{"rendered":"https:\/\/berglaufcup.at\/?page_id=351"},"modified":"2021-07-12T17:43:37","modified_gmt":"2021-07-12T17:43:37","slug":"archiv","status":"publish","type":"page","link":"https:\/\/berglaufcup.at\/index.php\/archiv\/","title":{"rendered":"Archiv"},"content":{"rendered":"\t\t<div data-elementor-type=\"wp-page\" data-elementor-id=\"351\" class=\"elementor elementor-351\">\n\t\t\t\t\t\t<div class=\"elementor-inner\">\n\t\t\t\t<div class=\"elementor-section-wrap\">\n\t\t\t\t\t\t\t\t\t<section class=\"elementor-section elementor-top-section elementor-element elementor-element-6f9833c elementor-section-boxed elementor-section-height-default elementor-section-height-default\" data-id=\"6f9833c\" data-element_type=\"section\">\n\t\t\t\t\t\t<div class=\"elementor-container elementor-column-gap-default\">\n\t\t\t\t\t\t\t<div class=\"elementor-row\">\n\t\t\t\t\t<div class=\"elementor-column elementor-col-100 elementor-top-column elementor-element elementor-element-d0f7047\" data-id=\"d0f7047\" data-element_type=\"column\">\n\t\t\t<div class=\"elementor-column-wrap elementor-element-populated\">\n\t\t\t\t\t\t\t<div class=\"elementor-widget-wrap\">\n\t\t\t\t\t\t<div class=\"elementor-element elementor-element-2d3442c elementor-widget elementor-widget-text-editor\" data-id=\"2d3442c\" data-element_type=\"widget\" data-widget_type=\"text-editor.default\">\n\t\t\t\t<div class=\"elementor-widget-container\">\n\t\t\t\t\t\t\t\t<div class=\"elementor-text-editor elementor-clearfix\">\n\t\t\t\t<h4>Ergebnisse der L\u00e4ufe 2017, 2018, 2019<\/h4>\t\t\t\t\t<\/div>\n\t\t\t\t\t\t<\/div>\n\t\t\t\t<\/div>\n\t\t\t\t<div class=\"elementor-element elementor-element-5cbb83c elementor-widget elementor-widget-accordion\" data-id=\"5cbb83c\" data-element_type=\"widget\" data-widget_type=\"accordion.default\">\n\t\t\t\t<div class=\"elementor-widget-container\">\n\t\t\t\t\t<div class=\"elementor-accordion\" role=\"tablist\">\n\t\t\t\t\t\t\t<div class=\"elementor-accordion-item\">\n\t\t\t\t\t<div id=\"elementor-tab-title-9721\" class=\"elementor-tab-title\" data-tab=\"1\" role=\"tab\" aria-controls=\"elementor-tab-content-9721\" aria-expanded=\"false\">\n\t\t\t\t\t\t\t\t\t\t\t\t\t<span class=\"elementor-accordion-icon elementor-accordion-icon-left\" aria-hidden=\"true\">\n\t\t\t\t\t\t\t\t\t\t\t\t\t\t\t<span class=\"elementor-accordion-icon-closed\"><i class=\"fas fa-plus\"><\/i><\/span>\n\t\t\t\t\t\t\t\t<span class=\"elementor-accordion-icon-opened\"><i class=\"fas fa-minus\"><\/i><\/span>\n\t\t\t\t\t\t\t\t\t\t\t\t\t\t<\/span>\n\t\t\t\t\t\t\t\t\t\t\t\t<a class=\"elementor-accordion-title\" href=\"\">Sch\u00f6pfl Berglauf<\/a>\n\t\t\t\t\t<\/div>\n\t\t\t\t\t<div id=\"elementor-tab-content-9721\" class=\"elementor-tab-content elementor-clearfix\" data-tab=\"1\" role=\"tabpanel\" aria-labelledby=\"elementor-tab-title-9721\"><p><a href=\"https:\/\/berglaufcup.at\/wp-content\/uploads\/Sch\u00f6pfl-2017.pdf\">Sch\u00f6pfl 2017<\/a> <br \/><a href=\"https:\/\/berglaufcup.at\/wp-content\/uploads\/Sch\u00f6pfl-2018.pdf\">Sch\u00f6pfl 2018<\/a> <br \/><a href=\"https:\/\/berglaufcup.at\/wp-content\/uploads\/Sch\u00f6pfl-2019.pdf\">Sch\u00f6pfl 2019<\/a><br \/><a href=\"https:\/\/berglaufcup.at\/wp-content\/uploads\/2020-08-02ergsch\u00f6pfl.pdf\">Sch\u00f6pfl 2020<\/a><\/p><\/div>\n\t\t\t\t<\/div>\n\t\t\t\t\t\t\t<div class=\"elementor-accordion-item\">\n\t\t\t\t\t<div id=\"elementor-tab-title-9722\" class=\"elementor-tab-title\" data-tab=\"2\" role=\"tab\" aria-controls=\"elementor-tab-content-9722\" aria-expanded=\"false\">\n\t\t\t\t\t\t\t\t\t\t\t\t\t<span class=\"elementor-accordion-icon elementor-accordion-icon-left\" aria-hidden=\"true\">\n\t\t\t\t\t\t\t\t\t\t\t\t\t\t\t<span class=\"elementor-accordion-icon-closed\"><i class=\"fas fa-plus\"><\/i><\/span>\n\t\t\t\t\t\t\t\t<span class=\"elementor-accordion-icon-opened\"><i class=\"fas fa-minus\"><\/i><\/span>\n\t\t\t\t\t\t\t\t\t\t\t\t\t\t<\/span>\n\t\t\t\t\t\t\t\t\t\t\t\t<a class=\"elementor-accordion-title\" href=\"\">Goldpokal<\/a>\n\t\t\t\t\t<\/div>\n\t\t\t\t\t<div id=\"elementor-tab-content-9722\" class=\"elementor-tab-content elementor-clearfix\" data-tab=\"2\" role=\"tabpanel\" aria-labelledby=\"elementor-tab-title-9722\"><p><a href=\"https:\/\/berglaufcup.at\/wp-content\/uploads\/Goldpokal-2017.pdf\">Goldpokal 2017<\/a><br \/><a href=\"https:\/\/berglaufcup.at\/wp-content\/uploads\/Goldpokal-2018.pdf\">Goldpokal 2018<\/a><br \/><a href=\"https:\/\/berglaufcup.at\/wp-content\/uploads\/Goldpokal-2019.pdf\">Goldpokal 2019<\/a><\/p><\/div>\n\t\t\t\t<\/div>\n\t\t\t\t\t\t\t<div class=\"elementor-accordion-item\">\n\t\t\t\t\t<div id=\"elementor-tab-title-9723\" class=\"elementor-tab-title\" data-tab=\"3\" role=\"tab\" aria-controls=\"elementor-tab-content-9723\" aria-expanded=\"false\">\n\t\t\t\t\t\t\t\t\t\t\t\t\t<span class=\"elementor-accordion-icon elementor-accordion-icon-left\" aria-hidden=\"true\">\n\t\t\t\t\t\t\t\t\t\t\t\t\t\t\t<span class=\"elementor-accordion-icon-closed\"><i class=\"fas fa-plus\"><\/i><\/span>\n\t\t\t\t\t\t\t\t<span class=\"elementor-accordion-icon-opened\"><i class=\"fas fa-minus\"><\/i><\/span>\n\t\t\t\t\t\t\t\t\t\t\t\t\t\t<\/span>\n\t\t\t\t\t\t\t\t\t\t\t\t<a class=\"elementor-accordion-title\" href=\"\">Jauerling-Berglauf<\/a>\n\t\t\t\t\t<\/div>\n\t\t\t\t\t<div id=\"elementor-tab-content-9723\" class=\"elementor-tab-content elementor-clearfix\" data-tab=\"3\" role=\"tabpanel\" aria-labelledby=\"elementor-tab-title-9723\"><p><a style=\"font-size: 15px; background-color: #ffffff;\" href=\"https:\/\/berglaufcup.at\/wp-content\/uploads\/Jauerling-2017.pdf\">Jauerling 2017<\/a><span style=\"font-size: 15px;\"> <br \/><\/span><a style=\"font-size: 15px; background-color: #ffffff;\" href=\"https:\/\/berglaufcup.at\/wp-content\/uploads\/Jauerling-2018.pdf\">Jauerling 2018<\/a><br \/><a href=\"https:\/\/berglaufcup.at\/wp-content\/uploads\/Jauerling-2019.pdf\">Jauerling 2019<\/a><\/p><\/div>\n\t\t\t\t<\/div>\n\t\t\t\t\t\t\t<div class=\"elementor-accordion-item\">\n\t\t\t\t\t<div id=\"elementor-tab-title-9724\" class=\"elementor-tab-title\" data-tab=\"4\" role=\"tab\" aria-controls=\"elementor-tab-content-9724\" aria-expanded=\"false\">\n\t\t\t\t\t\t\t\t\t\t\t\t\t<span class=\"elementor-accordion-icon elementor-accordion-icon-left\" aria-hidden=\"true\">\n\t\t\t\t\t\t\t\t\t\t\t\t\t\t\t<span class=\"elementor-accordion-icon-closed\"><i class=\"fas fa-plus\"><\/i><\/span>\n\t\t\t\t\t\t\t\t<span class=\"elementor-accordion-icon-opened\"><i class=\"fas fa-minus\"><\/i><\/span>\n\t\t\t\t\t\t\t\t\t\t\t\t\t\t<\/span>\n\t\t\t\t\t\t\t\t\t\t\t\t<a class=\"elementor-accordion-title\" href=\"\">Rei\u00dfkofel Berglauf<\/a>\n\t\t\t\t\t<\/div>\n\t\t\t\t\t<div id=\"elementor-tab-content-9724\" class=\"elementor-tab-content elementor-clearfix\" data-tab=\"4\" role=\"tabpanel\" aria-labelledby=\"elementor-tab-title-9724\"><p><a href=\"https:\/\/berglaufcup.at\/wp-content\/uploads\/Rei\u00dfkofellauf-2017.pdf\">Rei\u00dfkofellauf 2017<\/a> <br \/><a href=\"https:\/\/berglaufcup.at\/wp-content\/uploads\/Rei\u00dfkofellauf-2018.pdf\">Rei\u00dfkofellauf 2018<\/a> <br \/><a href=\"https:\/\/berglaufcup.at\/wp-content\/uploads\/Rei\u00dfkofellauf-2019.pdf\">Rei\u00dfkofellauf 2019<\/a><\/p><\/div>\n\t\t\t\t<\/div>\n\t\t\t\t\t\t\t<div class=\"elementor-accordion-item\">\n\t\t\t\t\t<div id=\"elementor-tab-title-9725\" class=\"elementor-tab-title\" data-tab=\"5\" role=\"tab\" aria-controls=\"elementor-tab-content-9725\" aria-expanded=\"false\">\n\t\t\t\t\t\t\t\t\t\t\t\t\t<span class=\"elementor-accordion-icon elementor-accordion-icon-left\" aria-hidden=\"true\">\n\t\t\t\t\t\t\t\t\t\t\t\t\t\t\t<span class=\"elementor-accordion-icon-closed\"><i class=\"fas fa-plus\"><\/i><\/span>\n\t\t\t\t\t\t\t\t<span class=\"elementor-accordion-icon-opened\"><i class=\"fas fa-minus\"><\/i><\/span>\n\t\t\t\t\t\t\t\t\t\t\t\t\t\t<\/span>\n\t\t\t\t\t\t\t\t\t\t\t\t<a class=\"elementor-accordion-title\" href=\"\">Muttersberglauf<\/a>\n\t\t\t\t\t<\/div>\n\t\t\t\t\t<div id=\"elementor-tab-content-9725\" class=\"elementor-tab-content elementor-clearfix\" data-tab=\"5\" role=\"tabpanel\" aria-labelledby=\"elementor-tab-title-9725\"><p><a href=\"https:\/\/berglaufcup.at\/wp-content\/uploads\/Muttersberglauf-2017.pdf\">Muttersberglauf 2017<\/a><br \/><a style=\"font-size: 15px; background-color: #ffffff;\" href=\"https:\/\/berglaufcup.at\/wp-content\/uploads\/Muttersberglauf_2018.pdf\">Muttersberglauf_2018<\/a><span style=\"font-size: 15px;\"> <br \/><\/span><a style=\"font-size: 15px; background-color: #ffffff;\" href=\"https:\/\/berglaufcup.at\/wp-content\/uploads\/Muttersberglauf_2019.pdf\">Muttersberglauf_2019<\/a><\/p><\/div>\n\t\t\t\t<\/div>\n\t\t\t\t\t\t\t<div class=\"elementor-accordion-item\">\n\t\t\t\t\t<div id=\"elementor-tab-title-9726\" class=\"elementor-tab-title\" data-tab=\"6\" role=\"tab\" aria-controls=\"elementor-tab-content-9726\" aria-expanded=\"false\">\n\t\t\t\t\t\t\t\t\t\t\t\t\t<span class=\"elementor-accordion-icon elementor-accordion-icon-left\" aria-hidden=\"true\">\n\t\t\t\t\t\t\t\t\t\t\t\t\t\t\t<span class=\"elementor-accordion-icon-closed\"><i class=\"fas fa-plus\"><\/i><\/span>\n\t\t\t\t\t\t\t\t<span class=\"elementor-accordion-icon-opened\"><i class=\"fas fa-minus\"><\/i><\/span>\n\t\t\t\t\t\t\t\t\t\t\t\t\t\t<\/span>\n\t\t\t\t\t\t\t\t\t\t\t\t<a class=\"elementor-accordion-title\" href=\"\">Lipizzanerheimat Berglauf<\/a>\n\t\t\t\t\t<\/div>\n\t\t\t\t\t<div id=\"elementor-tab-content-9726\" class=\"elementor-tab-content elementor-clearfix\" data-tab=\"6\" role=\"tabpanel\" aria-labelledby=\"elementor-tab-title-9726\"><p><a href=\"https:\/\/berglaufcup.at\/wp-content\/uploads\/Lipizzaner-2018.pdf\">Lipizzaner 2018<\/a> <br \/><a href=\"https:\/\/berglaufcup.at\/wp-content\/uploads\/Lipizzaner-2019-4_2.pdf\">Lipizzaner 2019 4_2<\/a> <br \/><a href=\"https:\/\/berglaufcup.at\/wp-content\/uploads\/Lipizzaner-2019-9_2.pdf\">Lipizzaner 2019 9_2<\/a><\/p><\/div>\n\t\t\t\t<\/div>\n\t\t\t\t\t\t\t<div class=\"elementor-accordion-item\">\n\t\t\t\t\t<div id=\"elementor-tab-title-9727\" class=\"elementor-tab-title\" data-tab=\"7\" role=\"tab\" aria-controls=\"elementor-tab-content-9727\" aria-expanded=\"false\">\n\t\t\t\t\t\t\t\t\t\t\t\t\t<span class=\"elementor-accordion-icon elementor-accordion-icon-left\" aria-hidden=\"true\">\n\t\t\t\t\t\t\t\t\t\t\t\t\t\t\t<span class=\"elementor-accordion-icon-closed\"><i class=\"fas fa-plus\"><\/i><\/span>\n\t\t\t\t\t\t\t\t<span class=\"elementor-accordion-icon-opened\"><i class=\"fas fa-minus\"><\/i><\/span>\n\t\t\t\t\t\t\t\t\t\t\t\t\t\t<\/span>\n\t\t\t\t\t\t\t\t\t\t\t\t<a class=\"elementor-accordion-title\" href=\"\">Schafberglaugf<\/a>\n\t\t\t\t\t<\/div>\n\t\t\t\t\t<div id=\"elementor-tab-content-9727\" class=\"elementor-tab-content elementor-clearfix\" data-tab=\"7\" role=\"tabpanel\" aria-labelledby=\"elementor-tab-title-9727\"><p><a href=\"https:\/\/berglaufcup.at\/wp-content\/uploads\/ErgebnisseSchafberg2019.pdf\">Schafberg 2019<\/a> <br \/><a href=\"https:\/\/berglaufcup.at\/wp-content\/uploads\/ErgebnisseSchafberg2018.pdf\">Schafberg 2018<\/a> <br \/><a href=\"https:\/\/berglaufcup.at\/wp-content\/uploads\/ErgebnisseSchafberg2017.pdf\">Schafberg 2017<\/a><\/p><\/div>\n\t\t\t\t<\/div>\n\t\t\t\t\t\t\t<div class=\"elementor-accordion-item\">\n\t\t\t\t\t<div id=\"elementor-tab-title-9728\" class=\"elementor-tab-title\" data-tab=\"8\" role=\"tab\" aria-controls=\"elementor-tab-content-9728\" aria-expanded=\"false\">\n\t\t\t\t\t\t\t\t\t\t\t\t\t<span class=\"elementor-accordion-icon elementor-accordion-icon-left\" aria-hidden=\"true\">\n\t\t\t\t\t\t\t\t\t\t\t\t\t\t\t<span class=\"elementor-accordion-icon-closed\"><i class=\"fas fa-plus\"><\/i><\/span>\n\t\t\t\t\t\t\t\t<span class=\"elementor-accordion-icon-opened\"><i class=\"fas fa-minus\"><\/i><\/span>\n\t\t\t\t\t\t\t\t\t\t\t\t\t\t<\/span>\n\t\t\t\t\t\t\t\t\t\t\t\t<a class=\"elementor-accordion-title\" href=\"\">Schwarzgupfberglauf<\/a>\n\t\t\t\t\t<\/div>\n\t\t\t\t\t<div id=\"elementor-tab-content-9728\" class=\"elementor-tab-content elementor-clearfix\" data-tab=\"8\" role=\"tabpanel\" aria-labelledby=\"elementor-tab-title-9728\"><p><a href=\"https:\/\/berglaufcup.at\/wp-content\/uploads\/Schwarzgupf-2017.pdf\">Schwarzgupf 2017<\/a> <br \/><a href=\"https:\/\/berglaufcup.at\/wp-content\/uploads\/Schwarzgupf-2018.pdf\">Schwarzgupf 2018<\/a> <br \/><a href=\"https:\/\/berglaufcup.at\/wp-content\/uploads\/Schwarzgupf-2019.pdf\">Schwarzgupf 2019<\/a><\/p><\/div>\n\t\t\t\t<\/div>\n\t\t\t\t\t\t\t<div class=\"elementor-accordion-item\">\n\t\t\t\t\t<div id=\"elementor-tab-title-9729\" class=\"elementor-tab-title\" data-tab=\"9\" role=\"tab\" aria-controls=\"elementor-tab-content-9729\" aria-expanded=\"false\">\n\t\t\t\t\t\t\t\t\t\t\t\t\t<span class=\"elementor-accordion-icon elementor-accordion-icon-left\" aria-hidden=\"true\">\n\t\t\t\t\t\t\t\t\t\t\t\t\t\t\t<span class=\"elementor-accordion-icon-closed\"><i class=\"fas fa-plus\"><\/i><\/span>\n\t\t\t\t\t\t\t\t<span class=\"elementor-accordion-icon-opened\"><i class=\"fas fa-minus\"><\/i><\/span>\n\t\t\t\t\t\t\t\t\t\t\t\t\t\t<\/span>\n\t\t\t\t\t\t\t\t\t\t\t\t<a class=\"elementor-accordion-title\" href=\"\">\u00d6tscher Ultramarathon<\/a>\n\t\t\t\t\t<\/div>\n\t\t\t\t\t<div id=\"elementor-tab-content-9729\" class=\"elementor-tab-content elementor-clearfix\" data-tab=\"9\" role=\"tabpanel\" aria-labelledby=\"elementor-tab-title-9729\"><p><a href=\"https:\/\/berglaufcup.at\/wp-content\/uploads\/\u00d6tscher-Ultra-Staffel-2019.pdf\">\u00d6tscher Ultra Staffel 2019<\/a><br \/><a href=\"https:\/\/berglaufcup.at\/wp-content\/uploads\/\u00d6tscher-Ultra-Staffel-2018.pdf\">\u00d6tscher Ultra Staffel 2018<\/a><br \/><a href=\"https:\/\/berglaufcup.at\/wp-content\/uploads\/\u00d6tscher-Ultra-Staffel-2017.pdf\">\u00d6tscher Ultra Staffel 2017<\/a><br \/><a href=\"https:\/\/berglaufcup.at\/wp-content\/uploads\/\u00d6tscher-Ultra-2019.pdf\">\u00d6tscher Ultra 2019<\/a><br \/><a href=\"https:\/\/berglaufcup.at\/wp-content\/uploads\/\u00d6tscher-Ultra-2018.pdf\">\u00d6tscher Ultra 2018<\/a><br \/><a href=\"https:\/\/berglaufcup.at\/wp-content\/uploads\/\u00d6tscher-Ultra-2017.pdf\">\u00d6tscher Ultra 2017<\/a><br \/><a href=\"https:\/\/berglaufcup.at\/wp-content\/uploads\/Mountainmarathon_oetscher_2019.pdf\">Mountainmarathon_oetscher_2019<\/a> <br \/><a href=\"https:\/\/berglaufcup.at\/wp-content\/uploads\/Mountainmarathon_oetscher_2018.pdf\">Mountainmarathon_oetscher_2018<\/a> <br \/><a href=\"https:\/\/berglaufcup.at\/wp-content\/uploads\/Mountainmarathon_oetscher_2017.pdf\">Mountainmarathon_oetscher_2017<\/a><\/p><\/div>\n\t\t\t\t<\/div>\n\t\t\t\t\t\t\t<div class=\"elementor-accordion-item\">\n\t\t\t\t\t<div id=\"elementor-tab-title-97210\" class=\"elementor-tab-title\" data-tab=\"10\" role=\"tab\" aria-controls=\"elementor-tab-content-97210\" aria-expanded=\"false\">\n\t\t\t\t\t\t\t\t\t\t\t\t\t<span class=\"elementor-accordion-icon elementor-accordion-icon-left\" aria-hidden=\"true\">\n\t\t\t\t\t\t\t\t\t\t\t\t\t\t\t<span class=\"elementor-accordion-icon-closed\"><i class=\"fas fa-plus\"><\/i><\/span>\n\t\t\t\t\t\t\t\t<span class=\"elementor-accordion-icon-opened\"><i class=\"fas fa-minus\"><\/i><\/span>\n\t\t\t\t\t\t\t\t\t\t\t\t\t\t<\/span>\n\t\t\t\t\t\t\t\t\t\t\t\t<a class=\"elementor-accordion-title\" href=\"\">\u00d6tscher Mountain Run<\/a>\n\t\t\t\t\t<\/div>\n\t\t\t\t\t<div id=\"elementor-tab-content-97210\" class=\"elementor-tab-content elementor-clearfix\" data-tab=\"10\" role=\"tabpanel\" aria-labelledby=\"elementor-tab-title-97210\"><p><a href=\"https:\/\/berglaufcup.at\/wp-content\/uploads\/Mountainrun_oetscher_2019.pdf\">Mountainrun_oetscher_2019<\/a> <br \/><a href=\"https:\/\/berglaufcup.at\/wp-content\/uploads\/Mountainrun_oetscher_2018.pdf\">Mountainrun_oetscher_2018<\/a> <br \/><a href=\"https:\/\/berglaufcup.at\/wp-content\/uploads\/Mountainrun_oetscher_2017.pdf\">Mountainrun_oetscher_2017<\/a><\/p><\/div>\n\t\t\t\t<\/div>\n\t\t\t\t\t\t\t<div class=\"elementor-accordion-item\">\n\t\t\t\t\t<div id=\"elementor-tab-title-97211\" class=\"elementor-tab-title\" data-tab=\"11\" role=\"tab\" aria-controls=\"elementor-tab-content-97211\" aria-expanded=\"false\">\n\t\t\t\t\t\t\t\t\t\t\t\t\t<span class=\"elementor-accordion-icon elementor-accordion-icon-left\" aria-hidden=\"true\">\n\t\t\t\t\t\t\t\t\t\t\t\t\t\t\t<span class=\"elementor-accordion-icon-closed\"><i class=\"fas fa-plus\"><\/i><\/span>\n\t\t\t\t\t\t\t\t<span class=\"elementor-accordion-icon-opened\"><i class=\"fas fa-minus\"><\/i><\/span>\n\t\t\t\t\t\t\t\t\t\t\t\t\t\t<\/span>\n\t\t\t\t\t\t\t\t\t\t\t\t<a class=\"elementor-accordion-title\" href=\"\">Emberger Alm<\/a>\n\t\t\t\t\t<\/div>\n\t\t\t\t\t<div id=\"elementor-tab-content-97211\" class=\"elementor-tab-content elementor-clearfix\" data-tab=\"11\" role=\"tabpanel\" aria-labelledby=\"elementor-tab-title-97211\"><p><a href=\"https:\/\/berglaufcup.at\/wp-content\/uploads\/Emberger-Alm-2017.pdf\">Emberger-Alm-2017<\/a><br \/><a href=\"https:\/\/berglaufcup.at\/wp-content\/uploads\/Emberger-Alm-2018.pdf\">Emberger-Alm-2018<\/a><br \/><a href=\"https:\/\/berglaufcup.at\/wp-content\/uploads\/Embeerger-Alm-2019.pdf\">Emberger-Alm-2019<\/a><\/p><\/div>\n\t\t\t\t<\/div>\n\t\t\t\t\t\t\t<div class=\"elementor-accordion-item\">\n\t\t\t\t\t<div id=\"elementor-tab-title-97212\" class=\"elementor-tab-title\" data-tab=\"12\" role=\"tab\" aria-controls=\"elementor-tab-content-97212\" aria-expanded=\"false\">\n\t\t\t\t\t\t\t\t\t\t\t\t\t<span class=\"elementor-accordion-icon elementor-accordion-icon-left\" aria-hidden=\"true\">\n\t\t\t\t\t\t\t\t\t\t\t\t\t\t\t<span class=\"elementor-accordion-icon-closed\"><i class=\"fas fa-plus\"><\/i><\/span>\n\t\t\t\t\t\t\t\t<span class=\"elementor-accordion-icon-opened\"><i class=\"fas fa-minus\"><\/i><\/span>\n\t\t\t\t\t\t\t\t\t\t\t\t\t\t<\/span>\n\t\t\t\t\t\t\t\t\t\t\t\t<a class=\"elementor-accordion-title\" href=\"\">Muckenkogel<\/a>\n\t\t\t\t\t<\/div>\n\t\t\t\t\t<div id=\"elementor-tab-content-97212\" class=\"elementor-tab-content elementor-clearfix\" data-tab=\"12\" role=\"tabpanel\" aria-labelledby=\"elementor-tab-title-97212\"><p><a href=\"https:\/\/berglaufcup.at\/wp-content\/uploads\/Muckenkogl-2017.pdf\">Muckenkogl 2017<\/a> <br \/><a href=\"https:\/\/berglaufcup.at\/wp-content\/uploads\/Muckenkogl-2018.pdf\">Muckenkogl 2018<\/a> <br \/><a href=\"https:\/\/berglaufcup.at\/wp-content\/uploads\/Muckenkogl-2019.pdf\">Muckenkogl 2019<\/a><\/p><\/div>\n\t\t\t\t<\/div>\n\t\t\t\t\t\t\t<div class=\"elementor-accordion-item\">\n\t\t\t\t\t<div id=\"elementor-tab-title-97213\" class=\"elementor-tab-title\" data-tab=\"13\" role=\"tab\" aria-controls=\"elementor-tab-content-97213\" aria-expanded=\"false\">\n\t\t\t\t\t\t\t\t\t\t\t\t\t<span class=\"elementor-accordion-icon elementor-accordion-icon-left\" aria-hidden=\"true\">\n\t\t\t\t\t\t\t\t\t\t\t\t\t\t\t<span class=\"elementor-accordion-icon-closed\"><i class=\"fas fa-plus\"><\/i><\/span>\n\t\t\t\t\t\t\t\t<span class=\"elementor-accordion-icon-opened\"><i class=\"fas fa-minus\"><\/i><\/span>\n\t\t\t\t\t\t\t\t\t\t\t\t\t\t<\/span>\n\t\t\t\t\t\t\t\t\t\t\t\t<a class=\"elementor-accordion-title\" href=\"\">Mugel<\/a>\n\t\t\t\t\t<\/div>\n\t\t\t\t\t<div id=\"elementor-tab-content-97213\" class=\"elementor-tab-content elementor-clearfix\" data-tab=\"13\" role=\"tabpanel\" aria-labelledby=\"elementor-tab-title-97213\"><p><a href=\"https:\/\/berglaufcup.at\/wp-content\/uploads\/Mugel_2017.pdf\">Mugel_2017<\/a> <br \/><a href=\"https:\/\/berglaufcup.at\/wp-content\/uploads\/Mugel_2018.pdf\">Mugel_2018<\/a> <br \/><a href=\"https:\/\/berglaufcup.at\/wp-content\/uploads\/Mugel_2019.pdf\">Mugel_2019<\/a><\/p><\/div>\n\t\t\t\t<\/div>\n\t\t\t\t\t\t\t<div class=\"elementor-accordion-item\">\n\t\t\t\t\t<div id=\"elementor-tab-title-97214\" class=\"elementor-tab-title\" data-tab=\"14\" role=\"tab\" aria-controls=\"elementor-tab-content-97214\" aria-expanded=\"false\">\n\t\t\t\t\t\t\t\t\t\t\t\t\t<span class=\"elementor-accordion-icon elementor-accordion-icon-left\" aria-hidden=\"true\">\n\t\t\t\t\t\t\t\t\t\t\t\t\t\t\t<span class=\"elementor-accordion-icon-closed\"><i class=\"fas fa-plus\"><\/i><\/span>\n\t\t\t\t\t\t\t\t<span class=\"elementor-accordion-icon-opened\"><i class=\"fas fa-minus\"><\/i><\/span>\n\t\t\t\t\t\t\t\t\t\t\t\t\t\t<\/span>\n\t\t\t\t\t\t\t\t\t\t\t\t<a class=\"elementor-accordion-title\" href=\"\">Katrin<\/a>\n\t\t\t\t\t<\/div>\n\t\t\t\t\t<div id=\"elementor-tab-content-97214\" class=\"elementor-tab-content elementor-clearfix\" data-tab=\"14\" role=\"tabpanel\" aria-labelledby=\"elementor-tab-title-97214\"><p><a href=\"https:\/\/berglaufcup.at\/wp-content\/uploads\/Katrin-2017.pdf\">Katrin 2017<\/a> <br \/><a href=\"https:\/\/berglaufcup.at\/wp-content\/uploads\/Katrin-2018.pdf\">Katrin 2018<\/a> <br \/><a href=\"https:\/\/berglaufcup.at\/wp-content\/uploads\/Katrin-2019.pdf\">Katrin 2019<\/a><\/p><\/div>\n\t\t\t\t<\/div>\n\t\t\t\t\t\t\t<div class=\"elementor-accordion-item\">\n\t\t\t\t\t<div id=\"elementor-tab-title-97215\" class=\"elementor-tab-title\" data-tab=\"15\" role=\"tab\" aria-controls=\"elementor-tab-content-97215\" aria-expanded=\"false\">\n\t\t\t\t\t\t\t\t\t\t\t\t\t<span class=\"elementor-accordion-icon elementor-accordion-icon-left\" aria-hidden=\"true\">\n\t\t\t\t\t\t\t\t\t\t\t\t\t\t\t<span class=\"elementor-accordion-icon-closed\"><i class=\"fas fa-plus\"><\/i><\/span>\n\t\t\t\t\t\t\t\t<span class=\"elementor-accordion-icon-opened\"><i class=\"fas fa-minus\"><\/i><\/span>\n\t\t\t\t\t\t\t\t\t\t\t\t\t\t<\/span>\n\t\t\t\t\t\t\t\t\t\t\t\t<a class=\"elementor-accordion-title\" href=\"\">Gernkogel<\/a>\n\t\t\t\t\t<\/div>\n\t\t\t\t\t<div id=\"elementor-tab-content-97215\" class=\"elementor-tab-content elementor-clearfix\" data-tab=\"15\" role=\"tabpanel\" aria-labelledby=\"elementor-tab-title-97215\"><p><a href=\"https:\/\/berglaufcup.at\/wp-content\/uploads\/Gernkogellauf_2017.pdf\">Gernkogellauf_2017<\/a> <br \/><a href=\"https:\/\/berglaufcup.at\/wp-content\/uploads\/Gernkogellauf_2018.pdf\">Gernkogellauf_2018<\/a> <br \/><a href=\"https:\/\/berglaufcup.at\/wp-content\/uploads\/Gernkogellauf_2019.pdf\">Gernkogellauf_2019<\/a><\/p><\/div>\n\t\t\t\t<\/div>\n\t\t\t\t\t\t\t<div class=\"elementor-accordion-item\">\n\t\t\t\t\t<div id=\"elementor-tab-title-97216\" class=\"elementor-tab-title\" data-tab=\"16\" role=\"tab\" aria-controls=\"elementor-tab-content-97216\" aria-expanded=\"false\">\n\t\t\t\t\t\t\t\t\t\t\t\t\t<span class=\"elementor-accordion-icon elementor-accordion-icon-left\" aria-hidden=\"true\">\n\t\t\t\t\t\t\t\t\t\t\t\t\t\t\t<span class=\"elementor-accordion-icon-closed\"><i class=\"fas fa-plus\"><\/i><\/span>\n\t\t\t\t\t\t\t\t<span class=\"elementor-accordion-icon-opened\"><i class=\"fas fa-minus\"><\/i><\/span>\n\t\t\t\t\t\t\t\t\t\t\t\t\t\t<\/span>\n\t\t\t\t\t\t\t\t\t\t\t\t<a class=\"elementor-accordion-title\" href=\"\">Zirbitzkogel<\/a>\n\t\t\t\t\t<\/div>\n\t\t\t\t\t<div id=\"elementor-tab-content-97216\" class=\"elementor-tab-content elementor-clearfix\" data-tab=\"16\" role=\"tabpanel\" aria-labelledby=\"elementor-tab-title-97216\"><p><a href=\"https:\/\/berglaufcup.at\/wp-content\/uploads\/Zirbitzberglauf_2017.pdf\">Zirbitzberglauf_2017<\/a> <br \/><a href=\"https:\/\/berglaufcup.at\/wp-content\/uploads\/Zirbitzberglauf_2018.pdf\">Zirbitzberglauf_2018<\/a> <br \/><a href=\"https:\/\/berglaufcup.at\/wp-content\/uploads\/Zirbitzberglauf_2019.pdf\">Zirbitzberglauf_2019<\/a><\/p><\/div>\n\t\t\t\t<\/div>\n\t\t\t\t\t\t\t<div class=\"elementor-accordion-item\">\n\t\t\t\t\t<div id=\"elementor-tab-title-97217\" class=\"elementor-tab-title\" data-tab=\"17\" role=\"tab\" aria-controls=\"elementor-tab-content-97217\" aria-expanded=\"false\">\n\t\t\t\t\t\t\t\t\t\t\t\t\t<span class=\"elementor-accordion-icon elementor-accordion-icon-left\" aria-hidden=\"true\">\n\t\t\t\t\t\t\t\t\t\t\t\t\t\t\t<span class=\"elementor-accordion-icon-closed\"><i class=\"fas fa-plus\"><\/i><\/span>\n\t\t\t\t\t\t\t\t<span class=\"elementor-accordion-icon-opened\"><i class=\"fas fa-minus\"><\/i><\/span>\n\t\t\t\t\t\t\t\t\t\t\t\t\t\t<\/span>\n\t\t\t\t\t\t\t\t\t\t\t\t<a class=\"elementor-accordion-title\" href=\"\">Koschuta-Berglauf<\/a>\n\t\t\t\t\t<\/div>\n\t\t\t\t\t<div id=\"elementor-tab-content-97217\" class=\"elementor-tab-content elementor-clearfix\" data-tab=\"17\" role=\"tabpanel\" aria-labelledby=\"elementor-tab-title-97217\"><p><a href=\"https:\/\/berglaufcup.at\/wp-content\/uploads\/Koschuta-2017.pdf\">Koschuta 2017<\/a> <br \/><a href=\"https:\/\/berglaufcup.at\/wp-content\/uploads\/Koschuta-2018_.pdf\">Koschuta 2018<\/a>\u00a0<br \/><a href=\"https:\/\/berglaufcup.at\/wp-content\/uploads\/Koschuta-2019.pdf\">Koschuta 2019<\/a><\/p><\/div>\n\t\t\t\t<\/div>\n\t\t\t\t\t\t\t<div class=\"elementor-accordion-item\">\n\t\t\t\t\t<div id=\"elementor-tab-title-97218\" class=\"elementor-tab-title\" data-tab=\"18\" role=\"tab\" aria-controls=\"elementor-tab-content-97218\" aria-expanded=\"false\">\n\t\t\t\t\t\t\t\t\t\t\t\t\t<span class=\"elementor-accordion-icon elementor-accordion-icon-left\" aria-hidden=\"true\">\n\t\t\t\t\t\t\t\t\t\t\t\t\t\t\t<span class=\"elementor-accordion-icon-closed\"><i class=\"fas fa-plus\"><\/i><\/span>\n\t\t\t\t\t\t\t\t<span class=\"elementor-accordion-icon-opened\"><i class=\"fas fa-minus\"><\/i><\/span>\n\t\t\t\t\t\t\t\t\t\t\t\t\t\t<\/span>\n\t\t\t\t\t\t\t\t\t\t\t\t<a class=\"elementor-accordion-title\" href=\"\">Veitscher Grenzstaffel<\/a>\n\t\t\t\t\t<\/div>\n\t\t\t\t\t<div id=\"elementor-tab-content-97218\" class=\"elementor-tab-content elementor-clearfix\" data-tab=\"18\" role=\"tabpanel\" aria-labelledby=\"elementor-tab-title-97218\"><p><a href=\"https:\/\/berglaufcup.at\/wp-content\/uploads\/Veitsch-Gesamt-2017.pdf\">Veitsch Gesamt 2017<\/a> <br \/><a href=\"https:\/\/berglaufcup.at\/wp-content\/uploads\/Veitsch-Gesamt-2018.pdf\">Veitsch Gesamt 2018<\/a> <br \/><a href=\"https:\/\/berglaufcup.at\/wp-content\/uploads\/Veitsch-Gesamt-2019.pdf\">Veitsch Gesamt 2019<\/a> <br \/><a href=\"https:\/\/berglaufcup.at\/wp-content\/uploads\/Veitsch-Staffel-2017.pdf\">Veitsch Staffel 2017<\/a> <br \/><a href=\"https:\/\/berglaufcup.at\/wp-content\/uploads\/Veitsch-Staffel-2018.pdf\">Veitsch Staffel 2018<\/a> <br \/><a href=\"https:\/\/berglaufcup.at\/wp-content\/uploads\/Veitsch-Staffel-2019.pdf\">Veitsch Staffel 2019<\/a><\/p><\/div>\n\t\t\t\t<\/div>\n\t\t\t\t\t\t\t<div class=\"elementor-accordion-item\">\n\t\t\t\t\t<div id=\"elementor-tab-title-97219\" class=\"elementor-tab-title\" data-tab=\"19\" role=\"tab\" aria-controls=\"elementor-tab-content-97219\" aria-expanded=\"false\">\n\t\t\t\t\t\t\t\t\t\t\t\t\t<span class=\"elementor-accordion-icon elementor-accordion-icon-left\" aria-hidden=\"true\">\n\t\t\t\t\t\t\t\t\t\t\t\t\t\t\t<span class=\"elementor-accordion-icon-closed\"><i class=\"fas fa-plus\"><\/i><\/span>\n\t\t\t\t\t\t\t\t<span class=\"elementor-accordion-icon-opened\"><i class=\"fas fa-minus\"><\/i><\/span>\n\t\t\t\t\t\t\t\t\t\t\t\t\t\t<\/span>\n\t\t\t\t\t\t\t\t\t\t\t\t<a class=\"elementor-accordion-title\" href=\"\">Seefeld<\/a>\n\t\t\t\t\t<\/div>\n\t\t\t\t\t<div id=\"elementor-tab-content-97219\" class=\"elementor-tab-content elementor-clearfix\" data-tab=\"19\" role=\"tabpanel\" aria-labelledby=\"elementor-tab-title-97219\"><p><a href=\"https:\/\/berglaufcup.at\/wp-content\/uploads\/ErgebnislistenErgebnislisteAK_2017.pdf\">Seefeld 2017<\/a><br \/><a href=\"https:\/\/berglaufcup.at\/wp-content\/uploads\/ErgebnislistenErgebnislisteAK_2018.pdf\">Seefeld 2018<\/a><br \/><a href=\"https:\/\/berglaufcup.at\/wp-content\/uploads\/Tiroler-Alpencup_W_2019.pdf\">Seefeld 2019 W<\/a><br \/><a href=\"https:\/\/berglaufcup.at\/wp-content\/uploads\/Tiroler-Alpencup_M_2019.pdf\">Seefeld 2019 M<\/a><\/p><\/div>\n\t\t\t\t<\/div>\n\t\t\t\t\t\t\t<div class=\"elementor-accordion-item\">\n\t\t\t\t\t<div id=\"elementor-tab-title-97220\" class=\"elementor-tab-title\" data-tab=\"20\" role=\"tab\" aria-controls=\"elementor-tab-content-97220\" aria-expanded=\"false\">\n\t\t\t\t\t\t\t\t\t\t\t\t\t<span class=\"elementor-accordion-icon elementor-accordion-icon-left\" aria-hidden=\"true\">\n\t\t\t\t\t\t\t\t\t\t\t\t\t\t\t<span class=\"elementor-accordion-icon-closed\"><i class=\"fas fa-plus\"><\/i><\/span>\n\t\t\t\t\t\t\t\t<span class=\"elementor-accordion-icon-opened\"><i class=\"fas fa-minus\"><\/i><\/span>\n\t\t\t\t\t\t\t\t\t\t\t\t\t\t<\/span>\n\t\t\t\t\t\t\t\t\t\t\t\t<a class=\"elementor-accordion-title\" href=\"\">Krainer (Tolzer)<\/a>\n\t\t\t\t\t<\/div>\n\t\t\t\t\t<div id=\"elementor-tab-content-97220\" class=\"elementor-tab-content elementor-clearfix\" data-tab=\"20\" role=\"tabpanel\" aria-labelledby=\"elementor-tab-title-97220\"><p><a href=\"https:\/\/berglaufcup.at\/wp-content\/uploads\/Lauf-zum-Gaugenschutzhaus-2017.pdf\">Tolzer 2017<\/a><br \/><a href=\"https:\/\/berglaufcup.at\/wp-content\/uploads\/Lauf-zum-Gaugenschutzhaus-2018.pdf\">Krainer (Tolzer) 2018<\/a><br \/><a href=\"https:\/\/berglaufcup.at\/wp-content\/uploads\/Lauf-zum-Gaugenschutzhaus-2019.pdf\">Krainer (Tolzer) 2019<\/a><\/p><\/div>\n\t\t\t\t<\/div>\n\t\t\t\t\t\t\t<div class=\"elementor-accordion-item\">\n\t\t\t\t\t<div id=\"elementor-tab-title-97221\" class=\"elementor-tab-title\" data-tab=\"21\" role=\"tab\" aria-controls=\"elementor-tab-content-97221\" aria-expanded=\"false\">\n\t\t\t\t\t\t\t\t\t\t\t\t\t<span class=\"elementor-accordion-icon elementor-accordion-icon-left\" aria-hidden=\"true\">\n\t\t\t\t\t\t\t\t\t\t\t\t\t\t\t<span class=\"elementor-accordion-icon-closed\"><i class=\"fas fa-plus\"><\/i><\/span>\n\t\t\t\t\t\t\t\t<span class=\"elementor-accordion-icon-opened\"><i class=\"fas fa-minus\"><\/i><\/span>\n\t\t\t\t\t\t\t\t\t\t\t\t\t\t<\/span>\n\t\t\t\t\t\t\t\t\t\t\t\t<a class=\"elementor-accordion-title\" href=\"\">Sternstein<\/a>\n\t\t\t\t\t<\/div>\n\t\t\t\t\t<div id=\"elementor-tab-content-97221\" class=\"elementor-tab-content elementor-clearfix\" data-tab=\"21\" role=\"tabpanel\" aria-labelledby=\"elementor-tab-title-97221\"><p><a href=\"https:\/\/berglaufcup.at\/wp-content\/uploads\/Sternstein-2017.pdf\">Sternstein 2017<\/a><br \/><a href=\"https:\/\/berglaufcup.at\/wp-content\/uploads\/Sternstein-2018.pdf\">Sternstein 2018<\/a><br \/><a href=\"https:\/\/berglaufcup.at\/wp-content\/uploads\/Sternstein-2019.pdf\">Sternstein 2019<\/a><\/p><\/div>\n\t\t\t\t<\/div>\n\t\t\t\t\t\t\t<div class=\"elementor-accordion-item\">\n\t\t\t\t\t<div id=\"elementor-tab-title-97222\" class=\"elementor-tab-title\" data-tab=\"22\" role=\"tab\" aria-controls=\"elementor-tab-content-97222\" aria-expanded=\"false\">\n\t\t\t\t\t\t\t\t\t\t\t\t\t<span class=\"elementor-accordion-icon elementor-accordion-icon-left\" aria-hidden=\"true\">\n\t\t\t\t\t\t\t\t\t\t\t\t\t\t\t<span class=\"elementor-accordion-icon-closed\"><i class=\"fas fa-plus\"><\/i><\/span>\n\t\t\t\t\t\t\t\t<span class=\"elementor-accordion-icon-opened\"><i class=\"fas fa-minus\"><\/i><\/span>\n\t\t\t\t\t\t\t\t\t\t\t\t\t\t<\/span>\n\t\t\t\t\t\t\t\t\t\t\t\t<a class=\"elementor-accordion-title\" href=\"\">Ochsenburger<\/a>\n\t\t\t\t\t<\/div>\n\t\t\t\t\t<div id=\"elementor-tab-content-97222\" class=\"elementor-tab-content elementor-clearfix\" data-tab=\"22\" role=\"tabpanel\" aria-labelledby=\"elementor-tab-title-97222\"><p><a href=\"https:\/\/berglaufcup.at\/wp-content\/uploads\/ErgebnislistenErgebnislisteAK_2017-1.pdf\">Ochsenburger 2017<\/a><br \/><a href=\"https:\/\/berglaufcup.at\/wp-content\/uploads\/ErgebnislistenErgebnislisteAK_2018-1.pdf\">Ochsenburger 2018<\/a><br \/><a href=\"https:\/\/berglaufcup.at\/wp-content\/uploads\/ErgebnislistenErgebnislisteAK_2019.pdf\">Ochsenburger 2019<\/a><\/p><\/div>\n\t\t\t\t<\/div>\n\t\t\t\t\t\t\t<div class=\"elementor-accordion-item\">\n\t\t\t\t\t<div id=\"elementor-tab-title-97223\" class=\"elementor-tab-title\" data-tab=\"23\" role=\"tab\" aria-controls=\"elementor-tab-content-97223\" aria-expanded=\"false\">\n\t\t\t\t\t\t\t\t\t\t\t\t\t<span class=\"elementor-accordion-icon elementor-accordion-icon-left\" aria-hidden=\"true\">\n\t\t\t\t\t\t\t\t\t\t\t\t\t\t\t<span class=\"elementor-accordion-icon-closed\"><i class=\"fas fa-plus\"><\/i><\/span>\n\t\t\t\t\t\t\t\t<span class=\"elementor-accordion-icon-opened\"><i class=\"fas fa-minus\"><\/i><\/span>\n\t\t\t\t\t\t\t\t\t\t\t\t\t\t<\/span>\n\t\t\t\t\t\t\t\t\t\t\t\t<a class=\"elementor-accordion-title\" href=\"\">Gro\u00dfglockner<\/a>\n\t\t\t\t\t<\/div>\n\t\t\t\t\t<div id=\"elementor-tab-content-97223\" class=\"elementor-tab-content elementor-clearfix\" data-tab=\"23\" role=\"tabpanel\" aria-labelledby=\"elementor-tab-title-97223\"><p><a href=\"https:\/\/berglaufcup.at\/wp-content\/uploads\/Gro\u00dfglockner-2017.pdf\">Gro\u00dfglockner 2017<\/a><br \/><a href=\"https:\/\/berglaufcup.at\/wp-content\/uploads\/Gro\u00dfglockner-2018.pdf\">Gro\u00dfglockner 2018<\/a><br \/><a href=\"https:\/\/berglaufcup.at\/wp-content\/uploads\/Gro\u00dfglockner-2019.pdf\">Gro\u00dfglockner 2019<\/a><br \/><a href=\"https:\/\/berglaufcup.at\/wp-content\/uploads\/Results-Berglauf-Total_2019.pdf\">Gro\u00dfglockner 2019 total<\/a><\/p><\/div>\n\t\t\t\t<\/div>\n\t\t\t\t\t\t\t<div class=\"elementor-accordion-item\">\n\t\t\t\t\t<div id=\"elementor-tab-title-97224\" class=\"elementor-tab-title\" data-tab=\"24\" role=\"tab\" aria-controls=\"elementor-tab-content-97224\" aria-expanded=\"false\">\n\t\t\t\t\t\t\t\t\t\t\t\t\t<span class=\"elementor-accordion-icon elementor-accordion-icon-left\" aria-hidden=\"true\">\n\t\t\t\t\t\t\t\t\t\t\t\t\t\t\t<span class=\"elementor-accordion-icon-closed\"><i class=\"fas fa-plus\"><\/i><\/span>\n\t\t\t\t\t\t\t\t<span class=\"elementor-accordion-icon-opened\"><i class=\"fas fa-minus\"><\/i><\/span>\n\t\t\t\t\t\t\t\t\t\t\t\t\t\t<\/span>\n\t\t\t\t\t\t\t\t\t\t\t\t<a class=\"elementor-accordion-title\" href=\"\">Silvrettarun<\/a>\n\t\t\t\t\t<\/div>\n\t\t\t\t\t<div id=\"elementor-tab-content-97224\" class=\"elementor-tab-content elementor-clearfix\" data-tab=\"24\" role=\"tabpanel\" aria-labelledby=\"elementor-tab-title-97224\"><p><a href=\"https:\/\/berglaufcup.at\/wp-content\/uploads\/Overall-Hard-Damen2019.pdf\">Silvretta Hard Damen 2019<\/a><br \/><a href=\"https:\/\/berglaufcup.at\/wp-content\/uploads\/Overall-Hard-Herren2019.pdf\">Silvretta Hard Herren 2019<\/a><br \/><a href=\"https:\/\/berglaufcup.at\/wp-content\/uploads\/Overall-Medium-Damen2019.pdf\">Silvretta Medium Damen 2019<\/a><br \/><a href=\"https:\/\/berglaufcup.at\/wp-content\/uploads\/Overall-Medium-Herren2019.pdf\">Silvretta Medium Herren 2019<\/a><br \/><a href=\"https:\/\/berglaufcup.at\/wp-content\/uploads\/Overall-Small-Damen2019.pdf\">Silvretta Small Damen 2019<\/a><br \/><a href=\"https:\/\/berglaufcup.at\/wp-content\/uploads\/Overall-Small-Herren2019.pdf\">Silvretta Small Herren 2019<\/a><br \/><br \/><br \/><\/p><\/div>\n\t\t\t\t<\/div>\n\t\t\t\t\t\t\t<div class=\"elementor-accordion-item\">\n\t\t\t\t\t<div id=\"elementor-tab-title-97225\" class=\"elementor-tab-title\" data-tab=\"25\" role=\"tab\" aria-controls=\"elementor-tab-content-97225\" aria-expanded=\"false\">\n\t\t\t\t\t\t\t\t\t\t\t\t\t<span class=\"elementor-accordion-icon elementor-accordion-icon-left\" aria-hidden=\"true\">\n\t\t\t\t\t\t\t\t\t\t\t\t\t\t\t<span class=\"elementor-accordion-icon-closed\"><i class=\"fas fa-plus\"><\/i><\/span>\n\t\t\t\t\t\t\t\t<span class=\"elementor-accordion-icon-opened\"><i class=\"fas fa-minus\"><\/i><\/span>\n\t\t\t\t\t\t\t\t\t\t\t\t\t\t<\/span>\n\t\t\t\t\t\t\t\t\t\t\t\t<a class=\"elementor-accordion-title\" href=\"\">Obergailtaler<\/a>\n\t\t\t\t\t<\/div>\n\t\t\t\t\t<div id=\"elementor-tab-content-97225\" class=\"elementor-tab-content elementor-clearfix\" data-tab=\"25\" role=\"tabpanel\" aria-labelledby=\"elementor-tab-title-97225\"><p><a href=\"https:\/\/berglaufcup.at\/wp-content\/uploads\/Ergebnisliste-22.-Int.-Obergailtaler-Berglauf-2017.pdf\">Obergailtaler 2017<\/a><br \/><a href=\"https:\/\/berglaufcup.at\/wp-content\/uploads\/Obergailtaler-Ergebnisliste_2018.pdf\">Obergailtaler 2018<\/a><br \/><a href=\"https:\/\/berglaufcup.at\/wp-content\/uploads\/Obergailtaler-Berglauf-2019-Ergebnisliste.pdf\">Obergailtaler 2019<\/a><\/p><\/div>\n\t\t\t\t<\/div>\n\t\t\t\t\t\t\t<div class=\"elementor-accordion-item\">\n\t\t\t\t\t<div id=\"elementor-tab-title-97226\" class=\"elementor-tab-title\" data-tab=\"26\" role=\"tab\" aria-controls=\"elementor-tab-content-97226\" aria-expanded=\"false\">\n\t\t\t\t\t\t\t\t\t\t\t\t\t<span class=\"elementor-accordion-icon elementor-accordion-icon-left\" aria-hidden=\"true\">\n\t\t\t\t\t\t\t\t\t\t\t\t\t\t\t<span class=\"elementor-accordion-icon-closed\"><i class=\"fas fa-plus\"><\/i><\/span>\n\t\t\t\t\t\t\t\t<span class=\"elementor-accordion-icon-opened\"><i class=\"fas fa-minus\"><\/i><\/span>\n\t\t\t\t\t\t\t\t\t\t\t\t\t\t<\/span>\n\t\t\t\t\t\t\t\t\t\t\t\t<a class=\"elementor-accordion-title\" href=\"\">Losergipfel<\/a>\n\t\t\t\t\t<\/div>\n\t\t\t\t\t<div id=\"elementor-tab-content-97226\" class=\"elementor-tab-content elementor-clearfix\" data-tab=\"26\" role=\"tabpanel\" aria-labelledby=\"elementor-tab-title-97226\"><p><a href=\"https:\/\/berglaufcup.at\/wp-content\/uploads\/Loser_Berglauf_2017_Lauf_neuf.pdf\">Loser 2017<\/a><br \/><a href=\"https:\/\/berglaufcup.at\/wp-content\/uploads\/Loser-ergebnisliste_berglauf2018.pdf\">Loser 2018<\/a><br \/><a href=\"https:\/\/berglaufcup.at\/wp-content\/uploads\/ergebnisliste_loser_berglauf_2019-berglauf.pdf\">Loser 2019<\/a><\/p><\/div>\n\t\t\t\t<\/div>\n\t\t\t\t\t\t\t<div class=\"elementor-accordion-item\">\n\t\t\t\t\t<div id=\"elementor-tab-title-97227\" class=\"elementor-tab-title\" data-tab=\"27\" role=\"tab\" aria-controls=\"elementor-tab-content-97227\" aria-expanded=\"false\">\n\t\t\t\t\t\t\t\t\t\t\t\t\t<span class=\"elementor-accordion-icon elementor-accordion-icon-left\" aria-hidden=\"true\">\n\t\t\t\t\t\t\t\t\t\t\t\t\t\t\t<span class=\"elementor-accordion-icon-closed\"><i class=\"fas fa-plus\"><\/i><\/span>\n\t\t\t\t\t\t\t\t<span class=\"elementor-accordion-icon-opened\"><i class=\"fas fa-minus\"><\/i><\/span>\n\t\t\t\t\t\t\t\t\t\t\t\t\t\t<\/span>\n\t\t\t\t\t\t\t\t\t\t\t\t<a class=\"elementor-accordion-title\" href=\"\">Hochalm Rauris<\/a>\n\t\t\t\t\t<\/div>\n\t\t\t\t\t<div id=\"elementor-tab-content-97227\" class=\"elementor-tab-content elementor-clearfix\" data-tab=\"27\" role=\"tabpanel\" aria-labelledby=\"elementor-tab-title-97227\"><p><a href=\"https:\/\/berglaufcup.at\/wp-content\/uploads\/Hochalm-2017-Klassen.pdf\">Rauris 2017<\/a><br \/><a href=\"https:\/\/berglaufcup.at\/wp-content\/uploads\/Hochalm-2018-Klassen.pdf\">Rauris 2018<\/a><br \/><a href=\"https:\/\/berglaufcup.at\/wp-content\/uploads\/Hochalm-2019-Klassen.pdf\">Rauris 2019<\/a><\/p><\/div>\n\t\t\t\t<\/div>\n\t\t\t\t\t\t\t<div class=\"elementor-accordion-item\">\n\t\t\t\t\t<div id=\"elementor-tab-title-97228\" class=\"elementor-tab-title\" data-tab=\"28\" role=\"tab\" aria-controls=\"elementor-tab-content-97228\" aria-expanded=\"false\">\n\t\t\t\t\t\t\t\t\t\t\t\t\t<span class=\"elementor-accordion-icon elementor-accordion-icon-left\" aria-hidden=\"true\">\n\t\t\t\t\t\t\t\t\t\t\t\t\t\t\t<span class=\"elementor-accordion-icon-closed\"><i class=\"fas fa-plus\"><\/i><\/span>\n\t\t\t\t\t\t\t\t<span class=\"elementor-accordion-icon-opened\"><i class=\"fas fa-minus\"><\/i><\/span>\n\t\t\t\t\t\t\t\t\t\t\t\t\t\t<\/span>\n\t\t\t\t\t\t\t\t\t\t\t\t<a class=\"elementor-accordion-title\" href=\"\">Marathon Kainach<\/a>\n\t\t\t\t\t<\/div>\n\t\t\t\t\t<div id=\"elementor-tab-content-97228\" class=\"elementor-tab-content elementor-clearfix\" data-tab=\"28\" role=\"tabpanel\" aria-labelledby=\"elementor-tab-title-97228\"><p><a href=\"https:\/\/berglaufcup.at\/wp-content\/uploads\/3erStaffel_2017.pdf\">Kainach 3er Staffel 2017<\/a><br \/><a href=\"https:\/\/berglaufcup.at\/wp-content\/uploads\/3erStaffel_2018.pdf\">Kainach 3er Staffel 2018<\/a><br \/><a href=\"https:\/\/berglaufcup.at\/wp-content\/uploads\/3erStaffel_2019.pdf\">Kainach 3er Staffel 2019<\/a><br \/><a href=\"https:\/\/berglaufcup.at\/wp-content\/uploads\/Marathon2017.pdf\">Kainach Marathon 2017<\/a><br \/><a href=\"https:\/\/berglaufcup.at\/wp-content\/uploads\/Marathon2018.pdf\">Kainach Marathon 2018<\/a><br \/><a href=\"https:\/\/berglaufcup.at\/wp-content\/uploads\/Marathon2019.pdf\">Kainach Marathon 2019<\/a><\/p><\/div>\n\t\t\t\t<\/div>\n\t\t\t\t\t\t\t<div class=\"elementor-accordion-item\">\n\t\t\t\t\t<div id=\"elementor-tab-title-97229\" class=\"elementor-tab-title\" data-tab=\"29\" role=\"tab\" aria-controls=\"elementor-tab-content-97229\" aria-expanded=\"false\">\n\t\t\t\t\t\t\t\t\t\t\t\t\t<span class=\"elementor-accordion-icon elementor-accordion-icon-left\" aria-hidden=\"true\">\n\t\t\t\t\t\t\t\t\t\t\t\t\t\t\t<span class=\"elementor-accordion-icon-closed\"><i class=\"fas fa-plus\"><\/i><\/span>\n\t\t\t\t\t\t\t\t<span class=\"elementor-accordion-icon-opened\"><i class=\"fas fa-minus\"><\/i><\/span>\n\t\t\t\t\t\t\t\t\t\t\t\t\t\t<\/span>\n\t\t\t\t\t\t\t\t\t\t\t\t<a class=\"elementor-accordion-title\" href=\"\">Kraiger<\/a>\n\t\t\t\t\t<\/div>\n\t\t\t\t\t<div id=\"elementor-tab-content-97229\" class=\"elementor-tab-content elementor-clearfix\" data-tab=\"29\" role=\"tabpanel\" aria-labelledby=\"elementor-tab-title-97229\"><p><a href=\"https:\/\/berglaufcup.at\/wp-content\/uploads\/ergebnisliste_kraigerberglauf2017_gesamt.pdf\">Kraiger 2017<\/a><br \/><a href=\"https:\/\/berglaufcup.at\/wp-content\/uploads\/ergebnisliste_kraigerberglauf2018_gesamt.pdf\">Kraiger 2018<\/a><br \/><a href=\"https:\/\/berglaufcup.at\/wp-content\/uploads\/ErgebnislistenErgebnislisteAK2019.pdf\">Kraiger 2019<\/a><\/p><\/div>\n\t\t\t\t<\/div>\n\t\t\t\t\t\t\t<div class=\"elementor-accordion-item\">\n\t\t\t\t\t<div id=\"elementor-tab-title-97230\" class=\"elementor-tab-title\" data-tab=\"30\" role=\"tab\" aria-controls=\"elementor-tab-content-97230\" aria-expanded=\"false\">\n\t\t\t\t\t\t\t\t\t\t\t\t\t<span class=\"elementor-accordion-icon elementor-accordion-icon-left\" aria-hidden=\"true\">\n\t\t\t\t\t\t\t\t\t\t\t\t\t\t\t<span class=\"elementor-accordion-icon-closed\"><i class=\"fas fa-plus\"><\/i><\/span>\n\t\t\t\t\t\t\t\t<span class=\"elementor-accordion-icon-opened\"><i class=\"fas fa-minus\"><\/i><\/span>\n\t\t\t\t\t\t\t\t\t\t\t\t\t\t<\/span>\n\t\t\t\t\t\t\t\t\t\t\t\t<a class=\"elementor-accordion-title\" href=\"\">Hinteralm Brutal<\/a>\n\t\t\t\t\t<\/div>\n\t\t\t\t\t<div id=\"elementor-tab-content-97230\" class=\"elementor-tab-content elementor-clearfix\" data-tab=\"30\" role=\"tabpanel\" aria-labelledby=\"elementor-tab-title-97230\"><p><a href=\"https:\/\/berglaufcup.at\/wp-content\/uploads\/2017-08-15-erghinteralm17.pdf\">Hinteralm 2017<\/a><br \/><a href=\"https:\/\/berglaufcup.at\/wp-content\/uploads\/2018-08-12erghinteralm.pdf\">Hinteralm 2018<\/a><br \/><a href=\"https:\/\/berglaufcup.at\/wp-content\/uploads\/2019-08-15erghinteralm.pdf\">Hinteralm 2019<\/a><\/p><\/div>\n\t\t\t\t<\/div>\n\t\t\t\t\t\t\t<div class=\"elementor-accordion-item\">\n\t\t\t\t\t<div id=\"elementor-tab-title-97231\" class=\"elementor-tab-title\" data-tab=\"31\" role=\"tab\" aria-controls=\"elementor-tab-content-97231\" aria-expanded=\"false\">\n\t\t\t\t\t\t\t\t\t\t\t\t\t<span class=\"elementor-accordion-icon elementor-accordion-icon-left\" aria-hidden=\"true\">\n\t\t\t\t\t\t\t\t\t\t\t\t\t\t\t<span class=\"elementor-accordion-icon-closed\"><i class=\"fas fa-plus\"><\/i><\/span>\n\t\t\t\t\t\t\t\t<span class=\"elementor-accordion-icon-opened\"><i class=\"fas fa-minus\"><\/i><\/span>\n\t\t\t\t\t\t\t\t\t\t\t\t\t\t<\/span>\n\t\t\t\t\t\t\t\t\t\t\t\t<a class=\"elementor-accordion-title\" href=\"\">Marterle<\/a>\n\t\t\t\t\t<\/div>\n\t\t\t\t\t<div id=\"elementor-tab-content-97231\" class=\"elementor-tab-content elementor-clearfix\" data-tab=\"31\" role=\"tabpanel\" aria-labelledby=\"elementor-tab-title-97231\"><p><a href=\"https:\/\/berglaufcup.at\/wp-content\/uploads\/Ergebnisliste-Marterle-Berglauf-17082019.pdf\">Marterle 2019<\/a><br \/><a href=\"https:\/\/berglaufcup.at\/wp-content\/uploads\/Marterle-Berglauf-08092018.pdf\" target=\"_blank\" rel=\"noopener\">Marterle 2018<\/a><br \/><a href=\"https:\/\/berglaufcup.at\/wp-content\/uploads\/Ergebnisliste-Marterle-Berglauf-2017.pdf\">Marterle 2017<\/a><\/p><\/div>\n\t\t\t\t<\/div>\n\t\t\t\t\t\t\t<div class=\"elementor-accordion-item\">\n\t\t\t\t\t<div id=\"elementor-tab-title-97232\" class=\"elementor-tab-title\" data-tab=\"32\" role=\"tab\" aria-controls=\"elementor-tab-content-97232\" aria-expanded=\"false\">\n\t\t\t\t\t\t\t\t\t\t\t\t\t<span class=\"elementor-accordion-icon elementor-accordion-icon-left\" aria-hidden=\"true\">\n\t\t\t\t\t\t\t\t\t\t\t\t\t\t\t<span class=\"elementor-accordion-icon-closed\"><i class=\"fas fa-plus\"><\/i><\/span>\n\t\t\t\t\t\t\t\t<span class=\"elementor-accordion-icon-opened\"><i class=\"fas fa-minus\"><\/i><\/span>\n\t\t\t\t\t\t\t\t\t\t\t\t\t\t<\/span>\n\t\t\t\t\t\t\t\t\t\t\t\t<a class=\"elementor-accordion-title\" href=\"\">Annaberger<\/a>\n\t\t\t\t\t<\/div>\n\t\t\t\t\t<div id=\"elementor-tab-content-97232\" class=\"elementor-tab-content elementor-clearfix\" data-tab=\"32\" role=\"tabpanel\" aria-labelledby=\"elementor-tab-title-97232\"><p><a href=\"https:\/\/berglaufcup.at\/wp-content\/uploads\/Annaberg_Gesamt_2017.pdf\">Annaberg 2017<\/a><br \/><a href=\"https:\/\/berglaufcup.at\/wp-content\/uploads\/Annaberg_Gesamt_2018.pdf\">Annaberg 2018<\/a><br \/><a href=\"https:\/\/berglaufcup.at\/wp-content\/uploads\/Annaberg_Klassen_2019.pdf\">Annaberg 2019<\/a><\/p><\/div>\n\t\t\t\t<\/div>\n\t\t\t\t\t\t\t<div class=\"elementor-accordion-item\">\n\t\t\t\t\t<div id=\"elementor-tab-title-97233\" class=\"elementor-tab-title\" data-tab=\"33\" role=\"tab\" aria-controls=\"elementor-tab-content-97233\" aria-expanded=\"false\">\n\t\t\t\t\t\t\t\t\t\t\t\t\t<span class=\"elementor-accordion-icon elementor-accordion-icon-left\" aria-hidden=\"true\">\n\t\t\t\t\t\t\t\t\t\t\t\t\t\t\t<span class=\"elementor-accordion-icon-closed\"><i class=\"fas fa-plus\"><\/i><\/span>\n\t\t\t\t\t\t\t\t<span class=\"elementor-accordion-icon-opened\"><i class=\"fas fa-minus\"><\/i><\/span>\n\t\t\t\t\t\t\t\t\t\t\t\t\t\t<\/span>\n\t\t\t\t\t\t\t\t\t\t\t\t<a class=\"elementor-accordion-title\" href=\"\">Mohar<\/a>\n\t\t\t\t\t<\/div>\n\t\t\t\t\t<div id=\"elementor-tab-content-97233\" class=\"elementor-tab-content elementor-clearfix\" data-tab=\"33\" role=\"tabpanel\" aria-labelledby=\"elementor-tab-title-97233\"><p><a href=\"https:\/\/berglaufcup.at\/wp-content\/uploads\/ErgebnislistenErgebnislisteAK_2017-2.pdf\">Mohar 2017<\/a><br \/><a href=\"https:\/\/berglaufcup.at\/wp-content\/uploads\/ErgebnislistenErgebnislisteAK_2018-2.pdf\">Mohar 2018<\/a><br \/><a href=\"https:\/\/berglaufcup.at\/wp-content\/uploads\/ErgebnislistenErgebnislisteAK_2019_.pdf\">Mohar 2019<\/a><\/p><\/div>\n\t\t\t\t<\/div>\n\t\t\t\t\t\t\t<div class=\"elementor-accordion-item\">\n\t\t\t\t\t<div id=\"elementor-tab-title-97234\" class=\"elementor-tab-title\" data-tab=\"34\" role=\"tab\" aria-controls=\"elementor-tab-content-97234\" aria-expanded=\"false\">\n\t\t\t\t\t\t\t\t\t\t\t\t\t<span class=\"elementor-accordion-icon elementor-accordion-icon-left\" aria-hidden=\"true\">\n\t\t\t\t\t\t\t\t\t\t\t\t\t\t\t<span class=\"elementor-accordion-icon-closed\"><i class=\"fas fa-plus\"><\/i><\/span>\n\t\t\t\t\t\t\t\t<span class=\"elementor-accordion-icon-opened\"><i class=\"fas fa-minus\"><\/i><\/span>\n\t\t\t\t\t\t\t\t\t\t\t\t\t\t<\/span>\n\t\t\t\t\t\t\t\t\t\t\t\t<a class=\"elementor-accordion-title\" href=\"\">Karren<\/a>\n\t\t\t\t\t<\/div>\n\t\t\t\t\t<div id=\"elementor-tab-content-97234\" class=\"elementor-tab-content elementor-clearfix\" data-tab=\"34\" role=\"tabpanel\" aria-labelledby=\"elementor-tab-title-97234\"><p><a href=\"https:\/\/berglaufcup.at\/wp-content\/uploads\/ErgebnislistenErgebnislisteAK_2017-3.pdf\">Karren 2017<\/a><br \/><a href=\"https:\/\/berglaufcup.at\/wp-content\/uploads\/ErgebnislistenErgebnislisteAK_2018-3.pdf\">Karren 2018<\/a><br \/><a href=\"https:\/\/berglaufcup.at\/wp-content\/uploads\/ErgebnislistenErgebnislisteAK_2019-1.pdf\">Karren 2019<\/a><\/p><\/div>\n\t\t\t\t<\/div>\n\t\t\t\t\t\t\t<div class=\"elementor-accordion-item\">\n\t\t\t\t\t<div id=\"elementor-tab-title-97235\" class=\"elementor-tab-title\" data-tab=\"35\" role=\"tab\" aria-controls=\"elementor-tab-content-97235\" aria-expanded=\"false\">\n\t\t\t\t\t\t\t\t\t\t\t\t\t<span class=\"elementor-accordion-icon elementor-accordion-icon-left\" aria-hidden=\"true\">\n\t\t\t\t\t\t\t\t\t\t\t\t\t\t\t<span class=\"elementor-accordion-icon-closed\"><i class=\"fas fa-plus\"><\/i><\/span>\n\t\t\t\t\t\t\t\t<span class=\"elementor-accordion-icon-opened\"><i class=\"fas fa-minus\"><\/i><\/span>\n\t\t\t\t\t\t\t\t\t\t\t\t\t\t<\/span>\n\t\t\t\t\t\t\t\t\t\t\t\t<a class=\"elementor-accordion-title\" href=\"\">Schlickeralm<\/a>\n\t\t\t\t\t<\/div>\n\t\t\t\t\t<div id=\"elementor-tab-content-97235\" class=\"elementor-tab-content elementor-clearfix\" data-tab=\"35\" role=\"tabpanel\" aria-labelledby=\"elementor-tab-title-97235\"><p><a href=\"https:\/\/berglaufcup.at\/wp-content\/uploads\/2017_Schlickeralmlauf_Kurze_Strecke_Klassen.pdf\">Schlickeralm 2017 kurz<\/a><br \/><a href=\"https:\/\/berglaufcup.at\/wp-content\/uploads\/2017_Schlickeralmlauf_Lange_Strecke_Klassen.pdf\">Schlickeralm 2017 lang<\/a><br \/><a href=\"https:\/\/berglaufcup.at\/wp-content\/uploads\/2017_Schlickeralmlauf_Lange_Strecke_Klassen.pdf\">Schlickeralm 2018<\/a><br \/><a href=\"https:\/\/berglaufcup.at\/wp-content\/uploads\/2019_Schlickeralmlauf.pdf\">Schlickeralm 2019<\/a><\/p><\/div>\n\t\t\t\t<\/div>\n\t\t\t\t\t\t\t<div class=\"elementor-accordion-item\">\n\t\t\t\t\t<div id=\"elementor-tab-title-97236\" class=\"elementor-tab-title\" data-tab=\"36\" role=\"tab\" aria-controls=\"elementor-tab-content-97236\" aria-expanded=\"false\">\n\t\t\t\t\t\t\t\t\t\t\t\t\t<span class=\"elementor-accordion-icon elementor-accordion-icon-left\" aria-hidden=\"true\">\n\t\t\t\t\t\t\t\t\t\t\t\t\t\t\t<span class=\"elementor-accordion-icon-closed\"><i class=\"fas fa-plus\"><\/i><\/span>\n\t\t\t\t\t\t\t\t<span class=\"elementor-accordion-icon-opened\"><i class=\"fas fa-minus\"><\/i><\/span>\n\t\t\t\t\t\t\t\t\t\t\t\t\t\t<\/span>\n\t\t\t\t\t\t\t\t\t\t\t\t<a class=\"elementor-accordion-title\" href=\"\">Pf\u00e4nder<\/a>\n\t\t\t\t\t<\/div>\n\t\t\t\t\t<div id=\"elementor-tab-content-97236\" class=\"elementor-tab-content elementor-clearfix\" data-tab=\"36\" role=\"tabpanel\" aria-labelledby=\"elementor-tab-title-97236\"><p><a href=\"https:\/\/berglaufcup.at\/wp-content\/uploads\/Pf\u00e4nder-ErgebnislistenErgebnislisteAK_2017.pdf\">Pf\u00e4nder 2017<\/a><br \/><a href=\"https:\/\/berglaufcup.at\/wp-content\/uploads\/Pf\u00e4nder-ErgebnislistenErgebnislisteAK_2018.pdf\">Pf\u00e4nder 2018<\/a><br \/><a href=\"https:\/\/berglaufcup.at\/wp-content\/uploads\/Pf\u00e4nder-ErgebnislistenErgebnislisteAK_2019.pdf\">Pf\u00e4nder 2019<\/a><\/p><\/div>\n\t\t\t\t<\/div>\n\t\t\t\t\t\t\t<div class=\"elementor-accordion-item\">\n\t\t\t\t\t<div id=\"elementor-tab-title-97237\" class=\"elementor-tab-title\" data-tab=\"37\" role=\"tab\" aria-controls=\"elementor-tab-content-97237\" aria-expanded=\"false\">\n\t\t\t\t\t\t\t\t\t\t\t\t\t<span class=\"elementor-accordion-icon elementor-accordion-icon-left\" aria-hidden=\"true\">\n\t\t\t\t\t\t\t\t\t\t\t\t\t\t\t<span class=\"elementor-accordion-icon-closed\"><i class=\"fas fa-plus\"><\/i><\/span>\n\t\t\t\t\t\t\t\t<span class=\"elementor-accordion-icon-opened\"><i class=\"fas fa-minus\"><\/i><\/span>\n\t\t\t\t\t\t\t\t\t\t\t\t\t\t<\/span>\n\t\t\t\t\t\t\t\t\t\t\t\t<a class=\"elementor-accordion-title\" href=\"\">LaH\u00fc Almtrophy<\/a>\n\t\t\t\t\t<\/div>\n\t\t\t\t\t<div id=\"elementor-tab-content-97237\" class=\"elementor-tab-content elementor-clearfix\" data-tab=\"37\" role=\"tabpanel\" aria-labelledby=\"elementor-tab-title-97237\"><p><a href=\"https:\/\/berglaufcup.at\/wp-content\/uploads\/5-LAH-Almtrophy_Offizielle-Ergebnisliste_2017.pdf\">LaH\u00fc Almtrophy 2017<\/a><br \/><a href=\"https:\/\/berglaufcup.at\/wp-content\/uploads\/6-LAH\u00dc-Almtrophy_Offizielle-Ergebnisliste_2018.pdf\">LaH\u00fc Almtrophy 2018<\/a><br \/><a href=\"https:\/\/berglaufcup.at\/wp-content\/uploads\/7-LAH-Almtrophy-2019-Klassenwertung-Ergebnisse.pdf\">LaH\u00fc Almtrophy 2019<\/a><\/p><\/div>\n\t\t\t\t<\/div>\n\t\t\t\t\t\t\t<div class=\"elementor-accordion-item\">\n\t\t\t\t\t<div id=\"elementor-tab-title-97238\" class=\"elementor-tab-title\" data-tab=\"38\" role=\"tab\" aria-controls=\"elementor-tab-content-97238\" aria-expanded=\"false\">\n\t\t\t\t\t\t\t\t\t\t\t\t\t<span class=\"elementor-accordion-icon elementor-accordion-icon-left\" aria-hidden=\"true\">\n\t\t\t\t\t\t\t\t\t\t\t\t\t\t\t<span class=\"elementor-accordion-icon-closed\"><i class=\"fas fa-plus\"><\/i><\/span>\n\t\t\t\t\t\t\t\t<span class=\"elementor-accordion-icon-opened\"><i class=\"fas fa-minus\"><\/i><\/span>\n\t\t\t\t\t\t\t\t\t\t\t\t\t\t<\/span>\n\t\t\t\t\t\t\t\t\t\t\t\t<a class=\"elementor-accordion-title\" href=\"\">Krimmler<\/a>\n\t\t\t\t\t<\/div>\n\t\t\t\t\t<div id=\"elementor-tab-content-97238\" class=\"elementor-tab-content elementor-clearfix\" data-tab=\"38\" role=\"tabpanel\" aria-labelledby=\"elementor-tab-title-97238\"><p><a href=\"https:\/\/berglaufcup.at\/wp-content\/uploads\/Ergebnisliste-Wasserfalllauf-2017.pdf\">Krimmler 2017<\/a><br \/><a href=\"https:\/\/berglaufcup.at\/wp-content\/uploads\/Ergebnisliste-Wasserfalllauf-2018.pdf\">Krimmler 2018<\/a><br \/><a href=\"https:\/\/berglaufcup.at\/wp-content\/uploads\/Ergebnisliste-Wasserfalllauf-2019.pdf\">Krimmler 2019<\/a><\/p><\/div>\n\t\t\t\t<\/div>\n\t\t\t\t\t\t\t<div class=\"elementor-accordion-item\">\n\t\t\t\t\t<div id=\"elementor-tab-title-97239\" class=\"elementor-tab-title\" data-tab=\"39\" role=\"tab\" aria-controls=\"elementor-tab-content-97239\" aria-expanded=\"false\">\n\t\t\t\t\t\t\t\t\t\t\t\t\t<span class=\"elementor-accordion-icon elementor-accordion-icon-left\" aria-hidden=\"true\">\n\t\t\t\t\t\t\t\t\t\t\t\t\t\t\t<span class=\"elementor-accordion-icon-closed\"><i class=\"fas fa-plus\"><\/i><\/span>\n\t\t\t\t\t\t\t\t<span class=\"elementor-accordion-icon-opened\"><i class=\"fas fa-minus\"><\/i><\/span>\n\t\t\t\t\t\t\t\t\t\t\t\t\t\t<\/span>\n\t\t\t\t\t\t\t\t\t\t\t\t<a class=\"elementor-accordion-title\" href=\"\">Gis-Lauf<\/a>\n\t\t\t\t\t<\/div>\n\t\t\t\t\t<div id=\"elementor-tab-content-97239\" class=\"elementor-tab-content elementor-clearfix\" data-tab=\"39\" role=\"tabpanel\" aria-labelledby=\"elementor-tab-title-97239\"><p><a href=\"https:\/\/berglaufcup.at\/wp-content\/uploads\/Gislauf_KLassenwertung_2017.pdf\">Gis-Lauf 2017<\/a><br \/><a href=\"https:\/\/berglaufcup.at\/wp-content\/uploads\/Gislauf_Klassenwertung_2018.pdf\">Gis-Lauf 2018<\/a><br \/><a href=\"https:\/\/berglaufcup.at\/wp-content\/uploads\/Gislauf_2019.pdf\">Gis-Lauf 2019<\/a><\/p><\/div>\n\t\t\t\t<\/div>\n\t\t\t\t\t\t\t<div class=\"elementor-accordion-item\">\n\t\t\t\t\t<div id=\"elementor-tab-title-97240\" class=\"elementor-tab-title\" data-tab=\"40\" role=\"tab\" aria-controls=\"elementor-tab-content-97240\" aria-expanded=\"false\">\n\t\t\t\t\t\t\t\t\t\t\t\t\t<span class=\"elementor-accordion-icon elementor-accordion-icon-left\" aria-hidden=\"true\">\n\t\t\t\t\t\t\t\t\t\t\t\t\t\t\t<span class=\"elementor-accordion-icon-closed\"><i class=\"fas fa-plus\"><\/i><\/span>\n\t\t\t\t\t\t\t\t<span class=\"elementor-accordion-icon-opened\"><i class=\"fas fa-minus\"><\/i><\/span>\n\t\t\t\t\t\t\t\t\t\t\t\t\t\t<\/span>\n\t\t\t\t\t\t\t\t\t\t\t\t<a class=\"elementor-accordion-title\" href=\"\">Aufi Owi<\/a>\n\t\t\t\t\t<\/div>\n\t\t\t\t\t<div id=\"elementor-tab-content-97240\" class=\"elementor-tab-content elementor-clearfix\" data-tab=\"40\" role=\"tabpanel\" aria-labelledby=\"elementor-tab-title-97240\"><p><a href=\"https:\/\/berglaufcup.at\/wp-content\/uploads\/Aufi-Owi-Ergebnisliste-2017.pdf\">Aufi Owi 2017<\/a><br \/><a href=\"https:\/\/berglaufcup.at\/wp-content\/uploads\/Ergebnisse-2018-Aufiowilauf-web.pdf\">Aufi Owi 2018<\/a><br \/><a href=\"https:\/\/berglaufcup.at\/wp-content\/uploads\/Aufi-Owi-ergebnisse_2019.pdf\">Aufi Owi 2019<\/a><\/p><\/div>\n\t\t\t\t<\/div>\n\t\t\t\t\t\t\t\t<\/div>\n\t\t\t\t<\/div>\n\t\t\t\t<\/div>\n\t\t\t\t\t\t<\/div>\n\t\t\t\t\t<\/div>\n\t\t<\/div>\n\t\t\t\t\t\t\t\t<\/div>\n\t\t\t\t\t<\/div>\n\t\t<\/section>\n\t\t\t\t\t\t\t\t\t<\/div>\n\t\t\t<\/div>\n\t\t\t\t\t<\/div>\n\t\t","protected":false},"excerpt":{"rendered":"<p>Ergebnisse der L\u00e4ufe 2017, 2018, 2019 Sch\u00f6pfl Berglauf Sch\u00f6pfl 2017 Sch\u00f6pfl 2018 Sch\u00f6pfl 2019Sch\u00f6pfl 2020 Goldpokal Goldpokal 2017Goldpokal 2018Goldpokal 2019 Jauerling-Berglauf Jauerling 2017 Jauerling 2018Jauerling 2019 Rei\u00dfkofel Berglauf Rei\u00dfkofellauf 2017 Rei\u00dfkofellauf 2018 Rei\u00dfkofellauf 2019 Muttersberglauf Muttersberglauf 2017Muttersberglauf_2018 Muttersberglauf_2019 Lipizzanerheimat Berglauf Lipizzaner 2018 Lipizzaner 2019 4_2 Lipizzaner 2019 9_2 Schafberglaugf Schafberg 2019 Schafberg 2018 Schafberg 2017 &hellip;<\/p>\n<p class=\"read-more\"> <a class=\"\" href=\"https:\/\/berglaufcup.at\/index.php\/archiv\/\"> <span class=\"screen-reader-text\">Archiv<\/span> Weiterlesen &raquo;<\/a><\/p>\n","protected":false},"author":3,"featured_media":0,"parent":0,"menu_order":0,"comment_status":"closed","ping_status":"closed","template":"","meta":{"site-sidebar-layout":"no-sidebar","site-content-layout":"page-builder","ast-global-header-display":"","ast-main-header-display":"","ast-hfb-above-header-display":"","ast-hfb-below-header-display":"","ast-hfb-mobile-header-display":"","site-post-title":"disabled","ast-breadcrumbs-content":"","ast-featured-img":"disabled","footer-sml-layout":"","theme-transparent-header-meta":"default","adv-header-id-meta":"","stick-header-meta":"","header-above-stick-meta":"","header-main-stick-meta":"","header-below-stick-meta":""},"yoast_head":"<!-- This site is optimized with the Yoast SEO plugin v19.12 - https:\/\/yoast.com\/wordpress\/plugins\/seo\/ -->\n<title>Archiv - Berglaufcup<\/title>\n<meta name=\"robots\" content=\"index, follow, max-snippet:-1, max-image-preview:large, max-video-preview:-1\" \/>\n<link rel=\"canonical\" href=\"https:\/\/berglaufcup.at\/index.php\/archiv\/\" \/>\n<meta property=\"og:locale\" content=\"de_DE\" \/>\n<meta property=\"og:type\" content=\"article\" \/>\n<meta property=\"og:title\" content=\"Archiv - Berglaufcup\" \/>\n<meta property=\"og:description\" content=\"Ergebnisse der L\u00e4ufe 2017, 2018, 2019 Sch\u00f6pfl Berglauf Sch\u00f6pfl 2017 Sch\u00f6pfl 2018 Sch\u00f6pfl 2019Sch\u00f6pfl 2020 Goldpokal Goldpokal 2017Goldpokal 2018Goldpokal 2019 Jauerling-Berglauf Jauerling 2017 Jauerling 2018Jauerling 2019 Rei\u00dfkofel Berglauf Rei\u00dfkofellauf 2017 Rei\u00dfkofellauf 2018 Rei\u00dfkofellauf 2019 Muttersberglauf Muttersberglauf 2017Muttersberglauf_2018 Muttersberglauf_2019 Lipizzanerheimat Berglauf Lipizzaner 2018 Lipizzaner 2019 4_2 Lipizzaner 2019 9_2 Schafberglaugf Schafberg 2019 Schafberg 2018 Schafberg 2017 &hellip; Archiv Weiterlesen &raquo;\" \/>\n<meta property=\"og:url\" content=\"https:\/\/berglaufcup.at\/index.php\/archiv\/\" \/>\n<meta property=\"og:site_name\" content=\"Berglaufcup\" \/>\n<meta property=\"article:modified_time\" content=\"2021-07-12T17:43:37+00:00\" \/>\n<meta name=\"twitter:card\" content=\"summary_large_image\" \/>\n<meta name=\"twitter:label1\" content=\"Gesch\u00e4tzte Lesezeit\" \/>\n\t<meta name=\"twitter:data1\" content=\"1\u00a0Minute\" \/>\n<script type=\"application\/ld+json\" class=\"yoast-schema-graph\">{\"@context\":\"https:\/\/schema.org\",\"@graph\":[{\"@type\":\"WebPage\",\"@id\":\"https:\/\/berglaufcup.at\/index.php\/archiv\/\",\"url\":\"https:\/\/berglaufcup.at\/index.php\/archiv\/\",\"name\":\"Archiv - Berglaufcup\",\"isPartOf\":{\"@id\":\"https:\/\/berglaufcup.at\/#website\"},\"datePublished\":\"2020-03-12T19:34:44+00:00\",\"dateModified\":\"2021-07-12T17:43:37+00:00\",\"breadcrumb\":{\"@id\":\"https:\/\/berglaufcup.at\/index.php\/archiv\/#breadcrumb\"},\"inLanguage\":\"de\",\"potentialAction\":[{\"@type\":\"ReadAction\",\"target\":[\"https:\/\/berglaufcup.at\/index.php\/archiv\/\"]}]},{\"@type\":\"BreadcrumbList\",\"@id\":\"https:\/\/berglaufcup.at\/index.php\/archiv\/#breadcrumb\",\"itemListElement\":[{\"@type\":\"ListItem\",\"position\":1,\"name\":\"Home\",\"item\":\"https:\/\/berglaufcup.at\/\"},{\"@type\":\"ListItem\",\"position\":2,\"name\":\"Archiv\"}]},{\"@type\":\"WebSite\",\"@id\":\"https:\/\/berglaufcup.at\/#website\",\"url\":\"https:\/\/berglaufcup.at\/\",\"name\":\"Berglaufcup\",\"description\":\"\",\"publisher\":{\"@id\":\"https:\/\/berglaufcup.at\/#organization\"},\"potentialAction\":[{\"@type\":\"SearchAction\",\"target\":{\"@type\":\"EntryPoint\",\"urlTemplate\":\"https:\/\/berglaufcup.at\/?s={search_term_string}\"},\"query-input\":\"required name=search_term_string\"}],\"inLanguage\":\"de\"},{\"@type\":\"Organization\",\"@id\":\"https:\/\/berglaufcup.at\/#organization\",\"name\":\"Internationaler \u00d6sterreichischer Berglaufcup\",\"url\":\"https:\/\/berglaufcup.at\/\",\"logo\":{\"@type\":\"ImageObject\",\"inLanguage\":\"de\",\"@id\":\"https:\/\/berglaufcup.at\/#\/schema\/logo\/image\/\",\"url\":\"https:\/\/berglaufcup.at\/wp-content\/uploads\/cropped-IOBLC-u-OLV-Kopie.jpg\",\"contentUrl\":\"https:\/\/berglaufcup.at\/wp-content\/uploads\/cropped-IOBLC-u-OLV-Kopie.jpg\",\"width\":496,\"height\":85,\"caption\":\"Internationaler \u00d6sterreichischer Berglaufcup\"},\"image\":{\"@id\":\"https:\/\/berglaufcup.at\/#\/schema\/logo\/image\/\"}}]}<\/script>\n<!-- \/ Yoast SEO plugin. -->","yoast_head_json":{"title":"Archiv - Berglaufcup","robots":{"index":"index","follow":"follow","max-snippet":"max-snippet:-1","max-image-preview":"max-image-preview:large","max-video-preview":"max-video-preview:-1"},"canonical":"https:\/\/berglaufcup.at\/index.php\/archiv\/","og_locale":"de_DE","og_type":"article","og_title":"Archiv - Berglaufcup","og_description":"Ergebnisse der L\u00e4ufe 2017, 2018, 2019 Sch\u00f6pfl Berglauf Sch\u00f6pfl 2017 Sch\u00f6pfl 2018 Sch\u00f6pfl 2019Sch\u00f6pfl 2020 Goldpokal Goldpokal 2017Goldpokal 2018Goldpokal 2019 Jauerling-Berglauf Jauerling 2017 Jauerling 2018Jauerling 2019 Rei\u00dfkofel Berglauf Rei\u00dfkofellauf 2017 Rei\u00dfkofellauf 2018 Rei\u00dfkofellauf 2019 Muttersberglauf Muttersberglauf 2017Muttersberglauf_2018 Muttersberglauf_2019 Lipizzanerheimat Berglauf Lipizzaner 2018 Lipizzaner 2019 4_2 Lipizzaner 2019 9_2 Schafberglaugf Schafberg 2019 Schafberg 2018 Schafberg 2017 &hellip; Archiv Weiterlesen &raquo;","og_url":"https:\/\/berglaufcup.at\/index.php\/archiv\/","og_site_name":"Berglaufcup","article_modified_time":"2021-07-12T17:43:37+00:00","twitter_card":"summary_large_image","twitter_misc":{"Gesch\u00e4tzte Lesezeit":"1\u00a0Minute"},"schema":{"@context":"https:\/\/schema.org","@graph":[{"@type":"WebPage","@id":"https:\/\/berglaufcup.at\/index.php\/archiv\/","url":"https:\/\/berglaufcup.at\/index.php\/archiv\/","name":"Archiv - Berglaufcup","isPartOf":{"@id":"https:\/\/berglaufcup.at\/#website"},"datePublished":"2020-03-12T19:34:44+00:00","dateModified":"2021-07-12T17:43:37+00:00","breadcrumb":{"@id":"https:\/\/berglaufcup.at\/index.php\/archiv\/#breadcrumb"},"inLanguage":"de","potentialAction":[{"@type":"ReadAction","target":["https:\/\/berglaufcup.at\/index.php\/archiv\/"]}]},{"@type":"BreadcrumbList","@id":"https:\/\/berglaufcup.at\/index.php\/archiv\/#breadcrumb","itemListElement":[{"@type":"ListItem","position":1,"name":"Home","item":"https:\/\/berglaufcup.at\/"},{"@type":"ListItem","position":2,"name":"Archiv"}]},{"@type":"WebSite","@id":"https:\/\/berglaufcup.at\/#website","url":"https:\/\/berglaufcup.at\/","name":"Berglaufcup","description":"","publisher":{"@id":"https:\/\/berglaufcup.at\/#organization"},"potentialAction":[{"@type":"SearchAction","target":{"@type":"EntryPoint","urlTemplate":"https:\/\/berglaufcup.at\/?s={search_term_string}"},"query-input":"required name=search_term_string"}],"inLanguage":"de"},{"@type":"Organization","@id":"https:\/\/berglaufcup.at\/#organization","name":"Internationaler \u00d6sterreichischer Berglaufcup","url":"https:\/\/berglaufcup.at\/","logo":{"@type":"ImageObject","inLanguage":"de","@id":"https:\/\/berglaufcup.at\/#\/schema\/logo\/image\/","url":"https:\/\/berglaufcup.at\/wp-content\/uploads\/cropped-IOBLC-u-OLV-Kopie.jpg","contentUrl":"https:\/\/berglaufcup.at\/wp-content\/uploads\/cropped-IOBLC-u-OLV-Kopie.jpg","width":496,"height":85,"caption":"Internationaler \u00d6sterreichischer Berglaufcup"},"image":{"@id":"https:\/\/berglaufcup.at\/#\/schema\/logo\/image\/"}}]}},"_links":{"self":[{"href":"https:\/\/berglaufcup.at\/index.php\/wp-json\/wp\/v2\/pages\/351"}],"collection":[{"href":"https:\/\/berglaufcup.at\/index.php\/wp-json\/wp\/v2\/pages"}],"about":[{"href":"https:\/\/berglaufcup.at\/index.php\/wp-json\/wp\/v2\/types\/page"}],"author":[{"embeddable":true,"href":"https:\/\/berglaufcup.at\/index.php\/wp-json\/wp\/v2\/users\/3"}],"replies":[{"embeddable":true,"href":"https:\/\/berglaufcup.at\/index.php\/wp-json\/wp\/v2\/comments?post=351"}],"version-history":[{"count":69,"href":"https:\/\/berglaufcup.at\/index.php\/wp-json\/wp\/v2\/pages\/351\/revisions"}],"predecessor-version":[{"id":2607,"href":"https:\/\/berglaufcup.at\/index.php\/wp-json\/wp\/v2\/pages\/351\/revisions\/2607"}],"wp:attachment":[{"href":"https:\/\/berglaufcup.at\/index.php\/wp-json\/wp\/v2\/media?parent=351"}],"curies":[{"name":"wp","href":"https:\/\/api.w.org\/{rel}","templated":true}]}}